{"id":6603,"date":"2023-01-09T16:03:30","date_gmt":"2023-01-09T15:03:30","guid":{"rendered":"https:\/\/old.moebeltransporte.lindnersolutions.de\/?page_id=6603"},"modified":"2026-03-09T15:33:21","modified_gmt":"2026-03-09T14:33:21","slug":"impressum","status":"publish","type":"page","link":"https:\/\/old.moebeltransporte.lindnersolutions.de\/?page_id=6603","title":{"rendered":"Impressum"},"content":{"rendered":"[vc_row type=&#8220;full_width_content&#8220; full_screen_row_position=&#8220;middle&#8220; column_margin=&#8220;none&#8220; column_direction=&#8220;default&#8220; column_direction_tablet=&#8220;default&#8220; column_direction_phone=&#8220;default&#8220; bg_color=&#8220;#ffffff&#8220; scene_position=&#8220;center&#8220; top_padding=&#8220;6%&#8220; constrain_group_1=&#8220;yes&#8220; bottom_padding=&#8220;6%&#8220; left_padding_desktop=&#8220;7%&#8220; constrain_group_2=&#8220;yes&#8220; right_padding_desktop=&#8220;7%&#8220; top_padding_tablet=&#8220;8%&#8220; constrain_group_3=&#8220;yes&#8220; bottom_padding_tablet=&#8220;8%&#8220; left_padding_tablet=&#8220;5%&#8220; constrain_group_4=&#8220;yes&#8220; right_padding_tablet=&#8220;5%&#8220; top_padding_phone=&#8220;10%&#8220; constrain_group_5=&#8220;yes&#8220; bottom_padding_phone=&#8220;10%&#8220; left_padding_phone=&#8220;5%&#8220; constrain_group_6=&#8220;yes&#8220; right_padding_phone=&#8220;5%&#8220; top_margin=&#8220;0&#8243; constrain_group_7=&#8220;yes&#8220; bottom_margin=&#8220;0&#8243; text_color=&#8220;dark&#8220; text_align=&#8220;left&#8220; row_border_radius=&#8220;none&#8220; row_border_radius_applies=&#8220;bg&#8220; row_position_desktop=&#8220;default&#8220; row_position_tablet=&#8220;inherit&#8220; row_position_phone=&#8220;inherit&#8220; overflow=&#8220;visible&#8220; overlay_strength=&#8220;0.3&#8243; gradient_direction=&#8220;left_to_right&#8220; shape_divider_position=&#8220;bottom&#8220; bg_image_animation=&#8220;none&#8220; shape_type=&#8220;&#8220; gradient_type=&#8220;default&#8220;][vc_column column_padding=&#8220;no-extra-padding&#8220; column_padding_tablet=&#8220;inherit&#8220; column_padding_phone=&#8220;inherit&#8220; column_padding_position=&#8220;all&#8220; top_margin=&#8220;0&#8243; constrain_group_1=&#8220;yes&#8220; bottom_margin=&#8220;0&#8243; flex_gap_desktop=&#8220;10px&#8220; column_element_direction_desktop=&#8220;default&#8220; column_element_spacing=&#8220;0px&#8220; desktop_text_alignment=&#8220;default&#8220; tablet_text_alignment=&#8220;default&#8220; phone_text_alignment=&#8220;default&#8220; background_color_opacity=&#8220;1&#8243; background_hover_color_opacity=&#8220;1&#8243; column_backdrop_filter=&#8220;none&#8220; column_shadow=&#8220;none&#8220; column_border_radius=&#8220;none&#8220; column_link_target=&#8220;_self&#8220; column_position=&#8220;default&#8220; gradient_direction=&#8220;left_to_right&#8220; overlay_strength=&#8220;0.3&#8243; width=&#8220;1\/1&#8243; tablet_width_inherit=&#8220;default&#8220; animation_type=&#8220;default&#8220; bg_image_animation=&#8220;none&#8220; border_type=&#8220;simple&#8220; column_border_width=&#8220;none&#8220; column_border_style=&#8220;solid&#8220; column_padding_type=&#8220;default&#8220; gradient_type=&#8220;default&#8220;][vc_column_text css=&#8220;.vc_custom_1773067036764{margin-bottom: 30px !important;border-bottom-width: 1px !important;padding-bottom: 30px !important;border-bottom-style: solid !important;border-color: #043771 !important;}&#8220; text_direction=&#8220;default&#8220;]\n<h1 style=\"padding-bottom: 25px;\"><span style=\"color: #043771;\">Impressum<\/span><\/h1>\n<h2>M\u00f6beltransporte<\/h2>\n<p>&nbsp;<\/p>\n<p style=\"padding-bottom: 25px;\"><b>STARKE M\u00f6beltransporte GmbH<\/b><br \/>\nLeibnizstra\u00dfe 74<br \/>\n07548 Gera<\/p>\n<p style=\"padding-bottom: 25px;\"><strong>Telefon:<\/strong> <a href=\"tel:+49365548540\" target=\"_blank\" rel=\"noopener\">+49 (0) 365 54854 0<\/a><br \/>\n<strong>E-Mail:<\/strong>\u00a0<a class=\"links\" href=\"mailto:info@old.moebeltransporte.lindnersolutions.de\">info@old.moebeltransporte.lindnersolutions.de<\/a><\/p>\n<p><strong>Amtsgericht Jena: <\/strong>HRB 200662<br \/>\n<strong><b>USt-IdNr.<\/b>:<\/strong> DE 150531757<br \/>\n<b>Gesch\u00e4ftsf\u00fchrung: <\/b>Ren\u00e9 Starke, Dr. Felix Starke<br \/>\n<b>Inhaltlich verantwortlich: <\/b>Dr. Felix Starke<\/p>\n<p><b>Angaben zur Aufsichtsbeh\u00f6rde:<br \/>\n<\/b>Bundesamt f\u00fcr G\u00fcterverkehr, Werderstra\u00dfe 34, 50672 K\u00f6ln<\/p>\n<p><b>Angaben zur Erlaubnisbeh\u00f6rde:<br \/>\n<\/b>Stadtverwaltung Gera, Fachdienst Verkehr, Ernst-Toller Stra\u00dfe 15, 07545 Gera<\/p>\n<p><b>Speditionsversicherung:<br \/>\n<\/b>KRAVAG-LOGISTIC Versicherungs-AG, Voltastra\u00dfe 84, 60486 Frankfurt[\/vc_column_text][vc_column_text css=&#8220;.vc_custom_1773067046530{margin-bottom: 30px !important;border-bottom-width: 1px !important;padding-bottom: 30px !important;border-bottom-style: solid !important;border-color: #043771 !important;}&#8220; text_direction=&#8220;default&#8220;]\n<h2><span style=\"color: #000833;\">Logistik<\/span><\/h2>\n<p>&nbsp;<\/p>\n<p><strong>STARKE Logistik GmbH<\/strong><br \/>\nLeibnizstra\u00dfe 74<br \/>\n07548 Gera<\/p>\n<p><strong>Telefon:<\/strong> <a href=\"tel:+49365548540\" target=\"_blank\" rel=\"noopener\">+49 (0) 365 54854 0<\/a><br \/>\n<strong>E-Mail:<\/strong>\u00a0<a class=\"links\" href=\"mailto:info@old.moebeltransporte.lindnersolutions.de\">info@old.moebeltransporte.lindnersolutions.de<\/a><\/p>\n<p><strong>Amtsgericht Jena: <\/strong>HRB 504081<br \/>\n<strong>USt-IdNr.:<\/strong>\u00a0DE 266236835<br \/>\n<strong>Gesch\u00e4ftsf\u00fchrung:<\/strong> Ren\u00e9 Starke, Dr. Felix Starke<br \/>\n<b>Inhaltlich verantwortlich: <\/b>Dr. Felix Starke[\/vc_column_text][vc_column_text css=&#8220;.vc_custom_1773067003958{margin-bottom: 30px !important;border-bottom-width: 1px !important;padding-bottom: 30px !important;border-bottom-style: solid !important;border-color: #043771 !important;}&#8220; text_direction=&#8220;default&#8220;]\n<h2 style=\"padding-bottom: 25px;\"><span style=\"color: #000833;\">Fahrzeugbau<\/span><\/h2>\n<p><strong>STARKE Fahrzeugbau<\/strong><br \/>\nLeibnizstra\u00dfe 74<br \/>\nD-07548 Gera<\/p>\n<p><strong>Inhaber: <\/strong>Ren\u00e9 Starke<strong><br \/>\nTelefon:<\/strong> <a href=\"tel:+4936554854560\" target=\"_blank\" rel=\"noopener\">+49 (0) 365 54854 560<\/a><br \/>\n<strong>E-Mail:<\/strong> <a title=\"Kontakt Starke Fahrzeugbau Gera\" href=\"mailto: info@starke-fahrzeugbau.de\" target=\"_blank\" rel=\"noopener\">info@starke-fahrzeugbau.de<\/a><\/p>\n<p><strong>USt-IdNr.:<\/strong> DE 275403466<br \/>\n<strong>Finanzamt: <\/strong>Gera<br \/>\n<strong>Steuernummer:<\/strong> 161\/277\/02415<br \/>\n<strong>Inhaltlich verantwortlich:<\/strong> Dr. Felix Starke[\/vc_column_text][vc_column_text css=&#8220;.vc_custom_1773066868536{margin-bottom: 30px !important;border-bottom-width: 1px !important;padding-bottom: 30px !important;border-bottom-style: solid !important;border-color: #043771 !important;}&#8220; text_direction=&#8220;default&#8220;]\n<h2 style=\"padding-bottom: 25px;\"><span style=\"color: #000833;\">Energie<\/span><\/h2>\n<p class=\"p1\"><b>Starke Energie<br \/>\n<\/b>Leibnizstra\u00dfe 74<br \/>\n07548 Gera<\/p>\n<p class=\"p1\"><strong>Inhaber:<\/strong> Ren\u00e9 Starke<br \/>\n<strong>Telefon:<\/strong> <a href=\"tel:+49365548540\" target=\"_blank\" rel=\"noopener\">+49 (0) 365 54854 0<\/a><br \/>\n<strong>E-Mail:<\/strong>\u00a0<a class=\"links\" href=\"mailto:info@old.moebeltransporte.lindnersolutions.de\">info@old.moebeltransporte.lindnersolutions.de<\/a><\/p>\n<p><strong>Finanzamt: <\/strong>Gera<br \/>\n<strong>Steuernummer:<\/strong> 161\/277\/03276<br \/>\n<strong>Inhaltlich verantwortlich:<\/strong> Dr. Felix Starke[\/vc_column_text][vc_column_text css=&#8220;.vc_custom_1773066933853{margin-bottom: 30px !important;border-bottom-width: 1px !important;padding-bottom: 30px !important;border-bottom-style: solid !important;border-color: #043771 !important;}&#8220; text_direction=&#8220;default&#8220;]\n<h2 style=\"padding-bottom: 25px;\"><span style=\"color: #000833;\">Vermietung<\/span><\/h2>\n<p><strong>Starke Vermietung GmbH &amp; Co. KG <\/strong><br \/>\nLeibnizstra\u00dfe 74<br \/>\n07548 Gera<\/p>\n<p><strong>Telefon:<\/strong> <a href=\"tel:+49365548540\" target=\"_blank\" rel=\"noopener\">+49 (0) 365 54854 0<\/a><br \/>\n<strong>E-Mail:<\/strong>\u00a0<a class=\"links\" href=\"mailto:info@old.moebeltransporte.lindnersolutions.de\">info@old.moebeltransporte.lindnersolutions.de<\/a><\/p>\n<p><strong>Pers\u00f6nlich haftende Gesellschafterin<\/strong><br \/>\nStarke Verwaltungs GmbH<br \/>\nLeibnizstra\u00dfe 74<br \/>\n07548 Gera<\/p>\n<p><strong>Amtsgericht Jena:<\/strong> HRB 203529<br \/>\n<strong>Gesch\u00e4ftsf\u00fchrung:<\/strong> Ren\u00e9 Starke, Dr. Felix Starke<br \/>\n<strong>Inhaltlich verantwortlich:<\/strong> Dr. Felix Starke[\/vc_column_text][vc_column_text css=&#8220;.vc_custom_1773066969876{margin-bottom: 30px !important;border-bottom-width: 1px !important;padding-bottom: 30px !important;border-bottom-style: solid !important;border-color: #043771 !important;}&#8220; text_direction=&#8220;default&#8220;]\n<h2 style=\"padding-bottom: 25px;\"><span style=\"color: #000833;\">Geb\u00e4udeservice<\/span><\/h2>\n<p><strong>Starke Geb\u00e4udeservice<\/strong><br \/>\nLeibnizstra\u00dfe 74<br \/>\n07548 Gera<\/p>\n<p><strong>Inhaber: <\/strong>Ren\u00e9 Starke<br \/>\n<strong>Telefon:<\/strong> <a href=\"tel:+49365548540\" target=\"_blank\" rel=\"noopener\">+49 (0) 365 54854 0<\/a><br \/>\n<strong>E-Mail:<\/strong>\u00a0<a class=\"links\" href=\"mailto:info@old.moebeltransporte.lindnersolutions.de\">info@old.moebeltransporte.lindnersolutions.de<\/a><br \/>\n<strong>Inhaltlich verantwortlich:<\/strong> Dr. Felix Starke[\/vc_column_text][vc_column_text css=&#8220;.vc_custom_1767104181954{margin-top: 40px !important;}&#8220; text_direction=&#8220;default&#8220;]<strong>Fotos\/Videos:<\/strong> Hung Dinh &#8211; <a href=\"https:\/\/linktr.ee\/hung.dinh\" target=\"_blank\" rel=\"noopener\">www.linktr.ee\/hung.dinh<\/a><br \/>\n<strong>Stockfotos:<\/strong> Adobe Stock &#8211; <a href=\"https:\/\/stock.adobe.com\/de\/\" target=\"_blank\" rel=\"noopener\">www.stock.adobe.com<\/a><br \/>\n<strong>Webdesign:<\/strong> Michael Stumm \u2013 <a title=\"Michael Stumm, Gera\" href=\"https:\/\/michael-stumm.com\/arbeiten\/webdesign-gera-starke-moebeltransporte\/\" rel=\"noopener\">www.michael-stumm.com<\/a>[\/vc_column_text][\/vc_column][\/vc_row]\n","protected":false},"excerpt":{"rendered":"<p>[vc_row type=&#8220;full_width_content&#8220; full_screen_row_position=&#8220;middle&#8220; column_margin=&#8220;none&#8220; column_direction=&#8220;default&#8220; column_direction_tablet=&#8220;default&#8220; column_direction_phone=&#8220;default&#8220; bg_color=&#8220;#ffffff&#8220; scene_position=&#8220;center&#8220; top_padding=&#8220;6%&#8220; constrain_group_1=&#8220;yes&#8220; bottom_padding=&#8220;6%&#8220; left_padding_desktop=&#8220;7%&#8220; constrain_group_2=&#8220;yes&#8220; right_padding_desktop=&#8220;7%&#8220; top_padding_tablet=&#8220;8%&#8220; constrain_group_3=&#8220;yes&#8220; bottom_padding_tablet=&#8220;8%&#8220; left_padding_tablet=&#8220;5%&#8220; constrain_group_4=&#8220;yes&#8220; right_padding_tablet=&#8220;5%&#8220; top_padding_phone=&#8220;10%&#8220; constrain_group_5=&#8220;yes&#8220; bottom_padding_phone=&#8220;10%&#8220; left_padding_phone=&#8220;5%&#8220; constrain_group_6=&#8220;yes&#8220; right_padding_phone=&#8220;5%&#8220; top_margin=&#8220;0&#8243; constrain_group_7=&#8220;yes&#8220; bottom_margin=&#8220;0&#8243;&#8230;<\/p>\n","protected":false},"author":1,"featured_media":6761,"parent":0,"menu_order":901,"comment_status":"closed","ping_status":"closed","template":"","meta":{"footnotes":""},"class_list":["post-6603","page","type-page","status-publish","has-post-thumbnail"],"yoast_head":"<!-- This site is optimized with the Yoast SEO plugin v27.5 - https:\/\/yoast.com\/product\/yoast-seo-wordpress\/ -->\n<title>Impressum - STARKE M\u00f6beltransporte GmbH<\/title>\n<meta name=\"description\" content=\"Angaben lt. \u00a75 TMG und \u00a7 2 DL-InfoV, STARKE M\u00f6beltransporte GmbH, Leibnizstra\u00dfe 74, D-07548 Gera, Telefon: 0365 \u2013 54854-440\" \/>\n<meta name=\"robots\" content=\"noindex, follow\" \/>\n<meta property=\"og:locale\" content=\"de_DE\" \/>\n<meta property=\"og:type\" content=\"article\" \/>\n<meta property=\"og:title\" content=\"Impressum - STARKE M\u00f6beltransporte GmbH\" \/>\n<meta property=\"og:description\" content=\"Angaben lt. \u00a75 TMG und \u00a7 2 DL-InfoV, STARKE M\u00f6beltransporte GmbH, Leibnizstra\u00dfe 74, D-07548 Gera, Telefon: 0365 \u2013 54854-440\" \/>\n<meta property=\"og:url\" content=\"https:\/\/old.moebeltransporte.lindnersolutions.de\/impressum\/\" \/>\n<meta property=\"og:site_name\" content=\"STARKE M\u00f6beltransporte GmbH\" \/>\n<meta property=\"article:publisher\" content=\"https:\/\/www.facebook.com\/starkegera\" \/>\n<meta property=\"article:modified_time\" content=\"2026-03-09T14:33:21+00:00\" \/>\n<meta property=\"og:image\" content=\"https:\/\/old.moebeltransporte.lindnersolutions.de\/wp-content\/uploads\/2023\/05\/2023.05.06-08-STARKE-38.jpg\" \/>\n\t<meta property=\"og:image:width\" content=\"2200\" \/>\n\t<meta property=\"og:image:height\" content=\"1467\" \/>\n\t<meta property=\"og:image:type\" content=\"image\/jpeg\" \/>\n<meta name=\"twitter:card\" content=\"summary_large_image\" \/>\n<meta name=\"twitter:label1\" content=\"Gesch\u00e4tzte Lesezeit\" \/>\n\t<meta name=\"twitter:data1\" content=\"2\u00a0Minuten\" \/>\n<script type=\"application\/ld+json\" class=\"yoast-schema-graph\">{\"@context\":\"https:\\\/\\\/schema.org\",\"@graph\":[{\"@type\":\"WebPage\",\"@id\":\"https:\\\/\\\/old.moebeltransporte.lindnersolutions.de\\\/impressum\\\/\",\"url\":\"https:\\\/\\\/old.moebeltransporte.lindnersolutions.de\\\/impressum\\\/\",\"name\":\"Impressum - STARKE M\u00f6beltransporte GmbH\",\"isPartOf\":{\"@id\":\"https:\\\/\\\/old.moebeltransporte.lindnersolutions.de\\\/#website\"},\"primaryImageOfPage\":{\"@id\":\"https:\\\/\\\/old.moebeltransporte.lindnersolutions.de\\\/impressum\\\/#primaryimage\"},\"image\":{\"@id\":\"https:\\\/\\\/old.moebeltransporte.lindnersolutions.de\\\/impressum\\\/#primaryimage\"},\"thumbnailUrl\":\"https:\\\/\\\/old.moebeltransporte.lindnersolutions.de\\\/wp-content\\\/uploads\\\/2023\\\/05\\\/2023.05.06-08-STARKE-38.jpg\",\"datePublished\":\"2023-01-09T15:03:30+00:00\",\"dateModified\":\"2026-03-09T14:33:21+00:00\",\"description\":\"Angaben lt. \u00a75 TMG und \u00a7 2 DL-InfoV, STARKE M\u00f6beltransporte GmbH, Leibnizstra\u00dfe 74, D-07548 Gera, Telefon: 0365 \u2013 54854-440\",\"breadcrumb\":{\"@id\":\"https:\\\/\\\/old.moebeltransporte.lindnersolutions.de\\\/impressum\\\/#breadcrumb\"},\"inLanguage\":\"de\",\"potentialAction\":[{\"@type\":\"ReadAction\",\"target\":[\"https:\\\/\\\/old.moebeltransporte.lindnersolutions.de\\\/impressum\\\/\"]}]},{\"@type\":\"ImageObject\",\"inLanguage\":\"de\",\"@id\":\"https:\\\/\\\/old.moebeltransporte.lindnersolutions.de\\\/impressum\\\/#primaryimage\",\"url\":\"https:\\\/\\\/old.moebeltransporte.lindnersolutions.de\\\/wp-content\\\/uploads\\\/2023\\\/05\\\/2023.05.06-08-STARKE-38.jpg\",\"contentUrl\":\"https:\\\/\\\/old.moebeltransporte.lindnersolutions.de\\\/wp-content\\\/uploads\\\/2023\\\/05\\\/2023.05.06-08-STARKE-38.jpg\",\"width\":2200,\"height\":1467,\"caption\":\"Mitarbeiter beim Umzug\"},{\"@type\":\"BreadcrumbList\",\"@id\":\"https:\\\/\\\/old.moebeltransporte.lindnersolutions.de\\\/impressum\\\/#breadcrumb\",\"itemListElement\":[{\"@type\":\"ListItem\",\"position\":1,\"name\":\"Startseite\",\"item\":\"https:\\\/\\\/old.moebeltransporte.lindnersolutions.de\\\/\"},{\"@type\":\"ListItem\",\"position\":2,\"name\":\"Impressum\"}]},{\"@type\":\"WebSite\",\"@id\":\"https:\\\/\\\/old.moebeltransporte.lindnersolutions.de\\\/#website\",\"url\":\"https:\\\/\\\/old.moebeltransporte.lindnersolutions.de\\\/\",\"name\":\"STARKE M\u00f6beltransporte GmbH\",\"description\":\"Die STARKE M\u00f6beltransport GmbH ist Mitglied im Bundesverband M\u00f6belspedition und Logistik (AM\u00d6) e.V. Mehr Sicherheit f\u00fcr Ihren Umzug geht nicht.\",\"publisher\":{\"@id\":\"https:\\\/\\\/old.moebeltransporte.lindnersolutions.de\\\/#organization\"},\"potentialAction\":[{\"@type\":\"SearchAction\",\"target\":{\"@type\":\"EntryPoint\",\"urlTemplate\":\"https:\\\/\\\/old.moebeltransporte.lindnersolutions.de\\\/?s={search_term_string}\"},\"query-input\":{\"@type\":\"PropertyValueSpecification\",\"valueRequired\":true,\"valueName\":\"search_term_string\"}}],\"inLanguage\":\"de\"},{\"@type\":\"Organization\",\"@id\":\"https:\\\/\\\/old.moebeltransporte.lindnersolutions.de\\\/#organization\",\"name\":\"STARKE M\u00f6beltransporte GmbH\",\"url\":\"https:\\\/\\\/old.moebeltransporte.lindnersolutions.de\\\/\",\"logo\":{\"@type\":\"ImageObject\",\"inLanguage\":\"de\",\"@id\":\"https:\\\/\\\/old.moebeltransporte.lindnersolutions.de\\\/#\\\/schema\\\/logo\\\/image\\\/\",\"url\":\"https:\\\/\\\/old.moebeltransporte.lindnersolutions.de\\\/wp-content\\\/uploads\\\/2023\\\/05\\\/Starke-Logos.png\",\"contentUrl\":\"https:\\\/\\\/old.moebeltransporte.lindnersolutions.de\\\/wp-content\\\/uploads\\\/2023\\\/05\\\/Starke-Logos.png\",\"width\":945,\"height\":213,\"caption\":\"STARKE M\u00f6beltransporte GmbH\"},\"image\":{\"@id\":\"https:\\\/\\\/old.moebeltransporte.lindnersolutions.de\\\/#\\\/schema\\\/logo\\\/image\\\/\"},\"sameAs\":[\"https:\\\/\\\/www.facebook.com\\\/starkegera\",\"https:\\\/\\\/www.instagram.com\\\/\"]}]}<\/script>\n<!-- \/ Yoast SEO plugin. -->","yoast_head_json":{"title":"Impressum - STARKE M\u00f6beltransporte GmbH","description":"Angaben lt. \u00a75 TMG und \u00a7 2 DL-InfoV, STARKE M\u00f6beltransporte GmbH, Leibnizstra\u00dfe 74, D-07548 Gera, Telefon: 0365 \u2013 54854-440","robots":{"index":"noindex","follow":"follow"},"og_locale":"de_DE","og_type":"article","og_title":"Impressum - STARKE M\u00f6beltransporte GmbH","og_description":"Angaben lt. \u00a75 TMG und \u00a7 2 DL-InfoV, STARKE M\u00f6beltransporte GmbH, Leibnizstra\u00dfe 74, D-07548 Gera, Telefon: 0365 \u2013 54854-440","og_url":"https:\/\/old.moebeltransporte.lindnersolutions.de\/impressum\/","og_site_name":"STARKE M\u00f6beltransporte GmbH","article_publisher":"https:\/\/www.facebook.com\/starkegera","article_modified_time":"2026-03-09T14:33:21+00:00","og_image":[{"width":2200,"height":1467,"url":"https:\/\/old.moebeltransporte.lindnersolutions.de\/wp-content\/uploads\/2023\/05\/2023.05.06-08-STARKE-38.jpg","type":"image\/jpeg"}],"twitter_card":"summary_large_image","twitter_misc":{"Gesch\u00e4tzte Lesezeit":"2\u00a0Minuten"},"schema":{"@context":"https:\/\/schema.org","@graph":[{"@type":"WebPage","@id":"https:\/\/old.moebeltransporte.lindnersolutions.de\/impressum\/","url":"https:\/\/old.moebeltransporte.lindnersolutions.de\/impressum\/","name":"Impressum - STARKE M\u00f6beltransporte GmbH","isPartOf":{"@id":"https:\/\/old.moebeltransporte.lindnersolutions.de\/#website"},"primaryImageOfPage":{"@id":"https:\/\/old.moebeltransporte.lindnersolutions.de\/impressum\/#primaryimage"},"image":{"@id":"https:\/\/old.moebeltransporte.lindnersolutions.de\/impressum\/#primaryimage"},"thumbnailUrl":"https:\/\/old.moebeltransporte.lindnersolutions.de\/wp-content\/uploads\/2023\/05\/2023.05.06-08-STARKE-38.jpg","datePublished":"2023-01-09T15:03:30+00:00","dateModified":"2026-03-09T14:33:21+00:00","description":"Angaben lt. \u00a75 TMG und \u00a7 2 DL-InfoV, STARKE M\u00f6beltransporte GmbH, Leibnizstra\u00dfe 74, D-07548 Gera, Telefon: 0365 \u2013 54854-440","breadcrumb":{"@id":"https:\/\/old.moebeltransporte.lindnersolutions.de\/impressum\/#breadcrumb"},"inLanguage":"de","potentialAction":[{"@type":"ReadAction","target":["https:\/\/old.moebeltransporte.lindnersolutions.de\/impressum\/"]}]},{"@type":"ImageObject","inLanguage":"de","@id":"https:\/\/old.moebeltransporte.lindnersolutions.de\/impressum\/#primaryimage","url":"https:\/\/old.moebeltransporte.lindnersolutions.de\/wp-content\/uploads\/2023\/05\/2023.05.06-08-STARKE-38.jpg","contentUrl":"https:\/\/old.moebeltransporte.lindnersolutions.de\/wp-content\/uploads\/2023\/05\/2023.05.06-08-STARKE-38.jpg","width":2200,"height":1467,"caption":"Mitarbeiter beim Umzug"},{"@type":"BreadcrumbList","@id":"https:\/\/old.moebeltransporte.lindnersolutions.de\/impressum\/#breadcrumb","itemListElement":[{"@type":"ListItem","position":1,"name":"Startseite","item":"https:\/\/old.moebeltransporte.lindnersolutions.de\/"},{"@type":"ListItem","position":2,"name":"Impressum"}]},{"@type":"WebSite","@id":"https:\/\/old.moebeltransporte.lindnersolutions.de\/#website","url":"https:\/\/old.moebeltransporte.lindnersolutions.de\/","name":"STARKE M\u00f6beltransporte GmbH","description":"Die STARKE M\u00f6beltransport GmbH ist Mitglied im Bundesverband M\u00f6belspedition und Logistik (AM\u00d6) e.V. Mehr Sicherheit f\u00fcr Ihren Umzug geht nicht.","publisher":{"@id":"https:\/\/old.moebeltransporte.lindnersolutions.de\/#organization"},"potentialAction":[{"@type":"SearchAction","target":{"@type":"EntryPoint","urlTemplate":"https:\/\/old.moebeltransporte.lindnersolutions.de\/?s={search_term_string}"},"query-input":{"@type":"PropertyValueSpecification","valueRequired":true,"valueName":"search_term_string"}}],"inLanguage":"de"},{"@type":"Organization","@id":"https:\/\/old.moebeltransporte.lindnersolutions.de\/#organization","name":"STARKE M\u00f6beltransporte GmbH","url":"https:\/\/old.moebeltransporte.lindnersolutions.de\/","logo":{"@type":"ImageObject","inLanguage":"de","@id":"https:\/\/old.moebeltransporte.lindnersolutions.de\/#\/schema\/logo\/image\/","url":"https:\/\/old.moebeltransporte.lindnersolutions.de\/wp-content\/uploads\/2023\/05\/Starke-Logos.png","contentUrl":"https:\/\/old.moebeltransporte.lindnersolutions.de\/wp-content\/uploads\/2023\/05\/Starke-Logos.png","width":945,"height":213,"caption":"STARKE M\u00f6beltransporte GmbH"},"image":{"@id":"https:\/\/old.moebeltransporte.lindnersolutions.de\/#\/schema\/logo\/image\/"},"sameAs":["https:\/\/www.facebook.com\/starkegera","https:\/\/www.instagram.com\/"]}]}},"_links":{"self":[{"href":"https:\/\/old.moebeltransporte.lindnersolutions.de\/index.php?rest_route=\/wp\/v2\/pages\/6603","targetHints":{"allow":["GET"]}}],"collection":[{"href":"https:\/\/old.moebeltransporte.lindnersolutions.de\/index.php?rest_route=\/wp\/v2\/pages"}],"about":[{"href":"https:\/\/old.moebeltransporte.lindnersolutions.de\/index.php?rest_route=\/wp\/v2\/types\/page"}],"author":[{"embeddable":true,"href":"https:\/\/old.moebeltransporte.lindnersolutions.de\/index.php?rest_route=\/wp\/v2\/users\/1"}],"replies":[{"embeddable":true,"href":"https:\/\/old.moebeltransporte.lindnersolutions.de\/index.php?rest_route=%2Fwp%2Fv2%2Fcomments&post=6603"}],"version-history":[{"count":6,"href":"https:\/\/old.moebeltransporte.lindnersolutions.de\/index.php?rest_route=\/wp\/v2\/pages\/6603\/revisions"}],"predecessor-version":[{"id":8768,"href":"https:\/\/old.moebeltransporte.lindnersolutions.de\/index.php?rest_route=\/wp\/v2\/pages\/6603\/revisions\/8768"}],"wp:featuredmedia":[{"embeddable":true,"href":"https:\/\/old.moebeltransporte.lindnersolutions.de\/index.php?rest_route=\/wp\/v2\/media\/6761"}],"wp:attachment":[{"href":"https:\/\/old.moebeltransporte.lindnersolutions.de\/index.php?rest_route=%2Fwp%2Fv2%2Fmedia&parent=6603"}],"curies":[{"name":"wp","href":"https:\/\/api.w.org\/{rel}","templated":true}]}}