{"id":6609,"date":"2023-01-09T16:12:14","date_gmt":"2023-01-09T15:12:14","guid":{"rendered":"https:\/\/old.moebeltransporte.lindnersolutions.de\/?page_id=6609"},"modified":"2026-03-05T19:20:11","modified_gmt":"2026-03-05T18:20:11","slug":"datenschutzerklaerung","status":"publish","type":"page","link":"https:\/\/old.moebeltransporte.lindnersolutions.de\/?page_id=6609","title":{"rendered":"Datenschutzerkl\u00e4rung"},"content":{"rendered":"[vc_row type=&#8220;full_width_content&#8220; full_screen_row_position=&#8220;middle&#8220; column_margin=&#8220;none&#8220; column_direction=&#8220;default&#8220; column_direction_tablet=&#8220;default&#8220; column_direction_phone=&#8220;default&#8220; bg_color=&#8220;#ffffff&#8220; scene_position=&#8220;center&#8220; top_padding=&#8220;6%&#8220; constrain_group_1=&#8220;yes&#8220; bottom_padding=&#8220;6%&#8220; left_padding_desktop=&#8220;7%&#8220; constrain_group_2=&#8220;yes&#8220; right_padding_desktop=&#8220;7%&#8220; top_padding_tablet=&#8220;8%&#8220; constrain_group_3=&#8220;yes&#8220; bottom_padding_tablet=&#8220;8%&#8220; left_padding_tablet=&#8220;5%&#8220; constrain_group_4=&#8220;yes&#8220; right_padding_tablet=&#8220;5%&#8220; top_padding_phone=&#8220;10%&#8220; constrain_group_5=&#8220;yes&#8220; bottom_padding_phone=&#8220;10%&#8220; left_padding_phone=&#8220;5%&#8220; constrain_group_6=&#8220;yes&#8220; right_padding_phone=&#8220;5%&#8220; top_margin=&#8220;0&#8243; constrain_group_7=&#8220;yes&#8220; bottom_margin=&#8220;0&#8243; text_color=&#8220;dark&#8220; text_align=&#8220;left&#8220; row_border_radius=&#8220;none&#8220; row_border_radius_applies=&#8220;bg&#8220; row_position_desktop=&#8220;default&#8220; row_position_tablet=&#8220;inherit&#8220; row_position_phone=&#8220;inherit&#8220; overflow=&#8220;visible&#8220; overlay_strength=&#8220;0.3&#8243; gradient_direction=&#8220;left_to_right&#8220; shape_divider_position=&#8220;bottom&#8220; bg_image_animation=&#8220;none&#8220; shape_type=&#8220;&#8220; gradient_type=&#8220;default&#8220;][vc_column column_padding=&#8220;no-extra-padding&#8220; column_padding_tablet=&#8220;inherit&#8220; column_padding_phone=&#8220;inherit&#8220; column_padding_position=&#8220;all&#8220; top_margin=&#8220;0&#8243; constrain_group_1=&#8220;yes&#8220; bottom_margin=&#8220;0&#8243; flex_gap_desktop=&#8220;10px&#8220; column_element_direction_desktop=&#8220;default&#8220; column_element_spacing=&#8220;0px&#8220; desktop_text_alignment=&#8220;default&#8220; tablet_text_alignment=&#8220;default&#8220; phone_text_alignment=&#8220;default&#8220; background_color_opacity=&#8220;1&#8243; background_hover_color_opacity=&#8220;1&#8243; column_backdrop_filter=&#8220;none&#8220; column_shadow=&#8220;none&#8220; column_border_radius=&#8220;none&#8220; column_link_target=&#8220;_self&#8220; column_position=&#8220;default&#8220; gradient_direction=&#8220;left_to_right&#8220; overlay_strength=&#8220;0.3&#8243; width=&#8220;1\/1&#8243; tablet_width_inherit=&#8220;default&#8220; animation_type=&#8220;default&#8220; bg_image_animation=&#8220;none&#8220; border_type=&#8220;simple&#8220; column_border_width=&#8220;none&#8220; column_border_style=&#8220;solid&#8220; column_padding_type=&#8220;default&#8220; gradient_type=&#8220;default&#8220;][vc_column_text css=&#8220;&#8220; text_direction=&#8220;default&#8220;]\n<h1 style=\"padding-bottom: 25px;\">Datenschutzerkl\u00e4rung<\/h1>\n<p>Diese Datenschutzerkl\u00e4rung kl\u00e4rt Sie \u00fcber die Art, den Umfang und Zweck der Verarbeitung von personenbezogenen Daten (nachfolgend kurz \u201eDaten\u201c) innerhalb unseres Onlineangebotes und der mit ihm verbundenen Webseiten, Funktionen und Inhalte sowie externen Onlinepr\u00e4senzen, wie z.B. unser Social Media Profile auf. (nachfolgend gemeinsam bezeichnet als \u201eOnlineangebot\u201c). Im Hinblick auf die verwendeten Begrifflichkeiten, wie z.B. \u201eVerarbeitung\u201c oder \u201eVerantwortlicher\u201c verweisen wir auf die Definitionen im Art. 4 der Datenschutzgrundverordnung (DSGVO).<\/p>\n<h3>Verantwortlicher<\/h3>\n<p><span class=\"tsmcontroller\"><b>STARKE M\u00f6beltransporte GmbH<\/b><br \/>\nRen\u00e9 Starke<br \/>\nLeibnizstra\u00dfe 74<br \/>\n07548 Gera<br \/>\nTelefon: +49 (0) 365 54854 0<br \/>\nE-Mail: <a href=\"mailto:info@old.moebeltransporte.lindnersolutions.de\">info@old.moebeltransporte.lindnersolutions.de<\/a><\/span><\/p>\n<p>Amtsgericht Jena: HRB 200662<br \/>\nUSt-IdNr.: DE 150531757<br \/>\n<span class=\"tsmcontroller\"><a href=\"https:\/\/old.moebeltransporte.lindnersolutions.de\/impressum-umzug-starke-moebeltransporte-gera\/\">https:\/\/old.moebeltransporte.lindnersolutions.de\/impressum\/<\/a><\/span><\/p>\n<h3>Kontakt Datenschutzbeauftragter<\/h3>\n<p>Denis S\u00fcss<br \/>\nPalaisplatz 4<br \/>\n01097 Dresden<\/p>\n<p>Tel.: +49 (0) 351 814330 2<br \/>\n<a href=\"mailto:arbeitssicherheit@svg-dresden.de\">arbeitssicherheit@svg-dresden.de<\/a><br \/>\n<a href=\"http:\/\/www.svg-dresden.de\">www.svg-dresden.de<\/a><\/p>\n<h3 id=\"dsg-general-datatype\">Arten der verarbeiteten Daten:<\/h3>\n<ul>\n<li>Bestandsdaten (z.B., Namen, Adressen).<\/li>\n<li>Kontaktdaten (z.B., E-Mail, Telefonnummern).<\/li>\n<li>Inhaltsdaten (z.B., Texteingaben, Fotografien, Videos).<\/li>\n<li>Nutzungsdaten (z.B., besuchte Webseiten, Interesse an Inhalten, Zugriffszeiten).<\/li>\n<li>Meta-\/Kommunikationsdaten (z.B., Ger\u00e4te-Informationen, IP-Adressen).<\/li>\n<\/ul>\n<h3 id=\"dsg-general-purpose\">Zweck der Verarbeitung<\/h3>\n<ul>\n<li>Zurverf\u00fcgungstellung des Onlineangebotes, seiner Funktionen und Inhalte.<\/li>\n<li>Beantwortung von Kontaktanfragen und Kommunikation mit Nutzern.<\/li>\n<li>Sicherheitsma\u00dfnahmen.<\/li>\n<li>Reichweitenmessung\/Marketing.<\/li>\n<\/ul>\n<h3 id=\"dsg-general-terms\">Verwendete Begrifflichkeiten<\/h3>\n<p>\u201ePersonenbezogene Daten\u201c sind alle Informationen, die sich auf eine identifizierte oder identifizierbare nat\u00fcrliche Person (im Folgenden \u201ebetroffene Person\u201c) beziehen; als identifizierbar wird eine nat\u00fcrliche Person angesehen, die direkt oder indirekt, insbesondere mittels Zuordnung zu einer Kennung wie einem Namen, zu einer Kennnummer, zu Standortdaten, zu einer Online-Kennung (z.B. Cookie) oder zu einem oder mehreren besonderen Merkmalen identifiziert werden kann, die Ausdruck der physischen, physiologischen, genetischen, psychischen, wirtschaftlichen, kulturellen oder sozialen Identit\u00e4t dieser nat\u00fcrlichen Person sind.<\/p>\n<p>\u201eVerarbeitung\u201c ist jeder mit oder ohne Hilfe automatisierter Verfahren ausgef\u00fchrten Vorgang oder jede solche Vorgangsreihe im Zusammenhang mit personenbezogenen Daten. Der Begriff reicht weit und umfasst praktisch jeden Umgang mit Daten.<\/p>\n<p>Als \u201eVerantwortlicher\u201c wird die nat\u00fcrliche oder juristische Person, Beh\u00f6rde, Einrichtung oder andere Stelle, die allein oder gemeinsam mit anderen \u00fcber die Zwecke und Mittel der Verarbeitung von personenbezogenen Daten entscheidet, bezeichnet.<\/p>\n<h3 id=\"dsg-general-legalbasis\">Ma\u00dfgebliche Rechtsgrundlagen<\/h3>\n<p>Nach Ma\u00dfgabe des Art. 13 DSGVO teilen wir Ihnen die Rechtsgrundlagen unserer Datenverarbeitungen mit. Sofern die Rechtsgrundlage in der Datenschutzerkl\u00e4rung nicht genannt wird, gilt Folgendes: Die Rechtsgrundlage f\u00fcr die Einholung von Einwilligungen ist Art. 6 Abs. 1 lit. a und Art. 7 DSGVO, die Rechtsgrundlage f\u00fcr die Verarbeitung zur Erf\u00fcllung unserer Leistungen und Durchf\u00fchrung vertraglicher Ma\u00dfnahmen sowie Beantwortung von Anfragen ist Art. 6 Abs. 1 lit. b DSGVO, die Rechtsgrundlage f\u00fcr die Verarbeitung zur Erf\u00fcllung unserer rechtlichen Verpflichtungen ist Art. 6 Abs. 1 lit. c DSGVO, und die Rechtsgrundlage f\u00fcr die Verarbeitung zur Wahrung unserer berechtigten Interessen ist Art. 6 Abs. 1 lit. f DSGVO. F\u00fcr den Fall, dass lebenswichtige Interessen der betroffenen Person oder einer anderen nat\u00fcrlichen Person eine Verarbeitung personenbezogener Daten erforderlich machen, dient Art. 6 Abs. 1 lit. d DSGVO als Rechtsgrundlage.<\/p>\n<h3 id=\"dsg-general-securitymeasures\">Sicherheitsma\u00dfnahmen<\/h3>\n<p>Wir bitten Sie sich regelm\u00e4\u00dfig \u00fcber den Inhalt unserer Datenschutzerkl\u00e4rung zu informieren. Wir passen die Datenschutzerkl\u00e4rung an, sobald die \u00c4nderungen der von uns durchgef\u00fchrten Datenverarbeitungen dies erforderlich machen. Wir informieren Sie, sobald durch die \u00c4nderungen eine Mitwirkungshandlung Ihrerseits (z.B. Einwilligung) oder eine sonstige individuelle Benachrichtigung erforderlich wird.<\/p>\n<h3 id=\"dsg-general-coprocessing\">Zusammenarbeit mit Auftragsverarbeitern und Dritten<\/h3>\n<p>Sofern wir im Rahmen unserer Verarbeitung Daten gegen\u00fcber anderen Personen und Unternehmen (Auftragsverarbeitern oder Dritten) offenbaren, sie an diese \u00fcbermitteln oder ihnen sonst Zugriff auf die Daten gew\u00e4hren, erfolgt dies nur auf Grundlage einer gesetzlichen Erlaubnis (z.B. wenn eine \u00dcbermittlung der Daten an Dritte, wie an Zahlungsdienstleister, gem. Art. 6 Abs. 1 lit. b DSGVO zur Vertragserf\u00fcllung erforderlich ist), Sie eingewilligt haben, eine rechtliche Verpflichtung dies vorsieht oder auf Grundlage unserer berechtigten Interessen (z.B. beim Einsatz von Beauftragten, Webhostern, etc.).<\/p>\n<p>Sofern wir Dritte mit der Verarbeitung von Daten auf Grundlage eines sog. \u201eAuftragsverarbeitungsvertrages\u201c beauftragen, geschieht dies auf Grundlage des Art. 28 DSGVO.<\/p>\n<h3 id=\"dsg-general-thirdparty\">\u00dcbermittlungen in Drittl\u00e4nder<\/h3>\n<p>Sofern wir Daten in einem Drittland (d.h. au\u00dferhalb der Europ\u00e4ischen Union (EU) oder des Europ\u00e4ischen Wirtschaftsraums (EWR)) verarbeiten oder dies im Rahmen der Inanspruchnahme von Diensten Dritter oder Offenlegung, bzw. \u00dcbermittlung von Daten an Dritte geschieht, erfolgt dies nur, wenn es zur Erf\u00fcllung unserer (vor)vertraglichen Pflichten, auf Grundlage Ihrer Einwilligung, aufgrund einer rechtlichen Verpflichtung oder auf Grundlage unserer berechtigten Interessen geschieht. Vorbehaltlich gesetzlicher oder vertraglicher Erlaubnisse, verarbeiten oder lassen wir die Daten in einem Drittland nur beim Vorliegen der besonderen Voraussetzungen der Art. 44 ff. DSGVO verarbeiten. D.h. die Verarbeitung erfolgt z.B. auf Grundlage besonderer Garantien, wie der offiziell anerkannten Feststellung eines der EU entsprechenden Datenschutzniveaus (z.B. f\u00fcr die USA durch das \u201ePrivacy Shield\u201c) oder Beachtung offiziell anerkannter spezieller vertraglicher Verpflichtungen (so genannte \u201eStandardvertragsklauseln\u201c).<\/p>\n<h3 id=\"m10\">Rechte der betroffenen Personen<\/h3>\n<p>Ihnen stehen als Betroffene nach der DSGVO verschiedene Rechte zu, die sich insbesondere aus Art. 15 bis 21 DSGVO ergeben:<\/p>\n<ul>\n<li><strong>Widerspruchsrecht: <\/strong>Sie haben das Recht, aus Gr\u00fcnden, die sich aus Ihrer besonderen Situation ergeben, jederzeit gegen die Verarbeitung der Sie betreffenden personenbezogenen Daten, die aufgrund von Art. 6 Abs. 1 lit. e oder f DSGVO erfolgt, Widerspruch einzulegen; dies gilt auch f\u00fcr ein auf diese Bestimmungen gest\u00fctztes Profiling. Werden die Sie betreffenden personenbezogenen Daten verarbeitet, um Direktwerbung zu betreiben, haben Sie das Recht, jederzeit Widerspruch gegen die Verarbeitung der Sie betreffenden personenbezogenen Daten zum Zwecke derartiger Werbung einzulegen; dies gilt auch f\u00fcr das Profiling, soweit es mit solcher Direktwerbung in Verbindung steht.<\/li>\n<li><strong>Widerrufsrecht bei Einwilligungen:<\/strong>\u00a0Sie haben das Recht, erteilte Einwilligungen jederzeit zu widerrufen.<\/li>\n<li><strong>Auskunftsrecht:<\/strong>\u00a0Sie haben das Recht, eine Best\u00e4tigung dar\u00fcber zu verlangen, ob betreffende Daten verarbeitet werden und auf Auskunft \u00fcber diese Daten sowie auf weitere Informationen und Kopie der Daten entsprechend den gesetzlichen Vorgaben.<\/li>\n<li><strong>Recht auf Berichtigung:<\/strong>\u00a0Sie haben entsprechend den gesetzlichen Vorgaben das Recht, die Vervollst\u00e4ndigung der Sie betreffenden Daten oder die Berichtigung der Sie betreffenden unrichtigen Daten zu verlangen.<\/li>\n<li><strong>Recht auf L\u00f6schung und Einschr\u00e4nkung der Verarbeitung:<\/strong>\u00a0Sie haben nach Ma\u00dfgabe der gesetzlichen Vorgaben das Recht, zu verlangen, dass Sie betreffende Daten unverz\u00fcglich gel\u00f6scht werden, bzw. alternativ nach Ma\u00dfgabe der gesetzlichen Vorgaben eine Einschr\u00e4nkung der Verarbeitung der Daten zu verlangen.<\/li>\n<li><strong>Recht auf Daten\u00fcbertragbarkeit:<\/strong>\u00a0Sie haben das Recht, Sie betreffende Daten, die Sie uns bereitgestellt haben, nach Ma\u00dfgabe der gesetzlichen Vorgaben in einem strukturierten, g\u00e4ngigen und maschinenlesbaren Format zu erhalten oder deren \u00dcbermittlung an einen anderen Verantwortlichen zu fordern.<\/li>\n<li><strong>Beschwerde bei Aufsichtsbeh\u00f6rde:<\/strong>\u00a0Sie haben ferner nach Ma\u00dfgabe der gesetzlichen Vorgaben das Recht, bei einer Aufsichtsbeh\u00f6rde, insbesondere in dem Mitgliedstaat Ihres gew\u00f6hnlichen Aufenthaltsorts, Ihres Arbeitsplatzes oder des Orts des mutma\u00dflichen Versto\u00dfes Beschwerde einzulegen, wenn Sie der Ansicht sind, dass die Verarbeitung der Sie betreffenden personenbezogenen Daten gegen die DSGVO verst\u00f6\u00dft.<\/li>\n<\/ul>\n<p><strong>F\u00fcr uns zust\u00e4ndige Aufsichtsbeh\u00f6rde:<\/strong><\/p>\n<p>Angaben zur Aufsichtsbeh\u00f6rde:<br \/>\nBundesamt f\u00fcr G\u00fcterverkehr, Werderstra\u00dfe 34, 50672 K\u00f6ln<\/p>\n<p>Angaben zur Erlaubnisbeh\u00f6rde:<br \/>\nStadtverwaltung Gera, Fachdienst Verkehr, Ernst-Toller Stra\u00dfe 15, 07545 Gera<\/p>\n<p>Speditionsversicherung:<br \/>\nKRAVAG-LOGISTIC Versicherungs-AG, Voltastra\u00dfe 84, 60486 Frankfurt<\/p>\n<h3 id=\"dsg-general-rightssubject\">Rechte der betroffenen Personen<\/h3>\n<p>Sie haben das Recht, eine Best\u00e4tigung dar\u00fcber zu verlangen, ob betreffende Daten verarbeitet werden und auf Auskunft \u00fcber diese Daten sowie auf weitere Informationen und Kopie der Daten entsprechend Art. 15 DSGVO.<\/p>\n<p>Sie haben entsprechend. Art. 16 DSGVO das Recht, die Vervollst\u00e4ndigung der Sie betreffenden Daten oder die Berichtigung der Sie betreffenden unrichtigen Daten zu verlangen.<\/p>\n<p>Sie haben nach Ma\u00dfgabe des Art. 17 DSGVO das Recht zu verlangen, dass betreffende Daten unverz\u00fcglich gel\u00f6scht werden, bzw. alternativ nach Ma\u00dfgabe des Art. 18 DSGVO eine Einschr\u00e4nkung der Verarbeitung der Daten zu verlangen.<\/p>\n<p>Sie haben das Recht zu verlangen, dass die Sie betreffenden Daten, die Sie uns bereitgestellt haben nach Ma\u00dfgabe des Art. 20 DSGVO zu erhalten und deren \u00dcbermittlung an andere Verantwortliche zu fordern.<\/p>\n<p>Sie haben ferner gem. Art. 77 DSGVO das Recht, eine Beschwerde bei der zust\u00e4ndigen Aufsichtsbeh\u00f6rde einzureichen.<\/p>\n<h3 id=\"dsg-general-revokeconsent\">Widerrufsrecht<\/h3>\n<p>Sie haben das Recht, erteilte Einwilligungen gem. Art. 7 Abs. 3 DSGVO mit Wirkung f\u00fcr die Zukunft zu widerrufen.<\/p>\n<h3 id=\"dsg-general-object\">Widerspruchsrecht<\/h3>\n<p>Sie k\u00f6nnen der k\u00fcnftigen Verarbeitung der Sie betreffenden Daten nach Ma\u00dfgabe des Art. 21 DSGVO jederzeit widersprechen. Der Widerspruch kann insbesondere gegen die Verarbeitung f\u00fcr Zwecke der Direktwerbung erfolgen.<\/p>\n<h3 id=\"dsg-general-cookies\">Cookies und Widerspruchsrecht bei Direktwerbung<\/h3>\n<p>Als \u201eCookies\u201c werden kleine Dateien bezeichnet, die auf Rechnern der Nutzer gespeichert werden. Innerhalb der Cookies k\u00f6nnen unterschiedliche Angaben gespeichert werden. Ein Cookie dient prim\u00e4r dazu, die Angaben zu einem Nutzer (bzw. dem Ger\u00e4t auf dem das Cookie gespeichert ist) w\u00e4hrend oder auch nach seinem Besuch innerhalb eines Onlineangebotes zu speichern. Als tempor\u00e4re Cookies, bzw. \u201eSession-Cookies\u201c oder \u201etransiente Cookies\u201c, werden Cookies bezeichnet, die gel\u00f6scht werden, nachdem ein Nutzer ein Onlineangebot verl\u00e4sst und seinen Browser schlie\u00dft. In einem solchen Cookie kann z.B. der Inhalt eines Warenkorbs in einem Onlineshop oder ein Login-Staus gespeichert werden. Als \u201epermanent\u201c oder \u201epersistent\u201c werden Cookies bezeichnet, die auch nach dem Schlie\u00dfen des Browsers gespeichert bleiben. So kann z.B. der Login-Status gespeichert werden, wenn die Nutzer diese nach mehreren Tagen aufsuchen. Ebenso k\u00f6nnen in einem solchen Cookie die Interessen der Nutzer gespeichert werden, die f\u00fcr Reichweitenmessung oder Marketingzwecke verwendet werden. Als \u201eThird-Party-Cookie\u201c werden Cookies bezeichnet, die von anderen Anbietern als dem Verantwortlichen, der das Onlineangebot betreibt, angeboten werden (andernfalls, wenn es nur dessen Cookies sind spricht man von \u201eFirst-Party Cookies\u201c).<\/p>\n<p>Wir k\u00f6nnen tempor\u00e4re und permanente Cookies einsetzen und kl\u00e4ren hier\u00fcber im Rahmen unserer Datenschutzerkl\u00e4rung auf.<\/p>\n<p>Falls die Nutzer nicht m\u00f6chten, dass Cookies auf ihrem Rechner gespeichert werden, werden sie gebeten die entsprechende Option in den Systemeinstellungen ihres Browsers zu deaktivieren. Gespeicherte Cookies k\u00f6nnen in den Systemeinstellungen des Browsers gel\u00f6scht werden. Der Ausschluss von Cookies kann zu Funktionseinschr\u00e4nkungen dieses Onlineangebotes f\u00fchren.<\/p>\n<p>Ein genereller Widerspruch gegen den Einsatz der zu Zwecken des Onlinemarketing eingesetzten Cookies kann bei einer Vielzahl der Dienste, vor allem im Fall des Trackings, \u00fcber die US-amerikanische Seite <a href=\"http:\/\/www.aboutads.info\/choices\/\">http:\/\/www.aboutads.info\/choices\/<\/a> oder die EU-Seite <a href=\"http:\/\/www.youronlinechoices.com\/\">http:\/\/www.youronlinechoices.com\/<\/a> erkl\u00e4rt werden. Des Weiteren kann die Speicherung von Cookies mittels deren Abschaltung in den Einstellungen des Browsers erreicht werden. Bitte beachten Sie, dass dann gegebenenfalls nicht alle Funktionen dieses Onlineangebotes genutzt werden k\u00f6nnen.<\/p>\n<h3 id=\"dsg-general-erasure\">L\u00f6schung von Daten<\/h3>\n<p>Die von uns verarbeiteten Daten werden nach Ma\u00dfgabe der Art. 17 und 18 DSGVO gel\u00f6scht oder in ihrer Verarbeitung eingeschr\u00e4nkt. Sofern nicht im Rahmen dieser Datenschutzerkl\u00e4rung ausdr\u00fccklich angegeben, werden die bei uns gespeicherten Daten gel\u00f6scht, sobald sie f\u00fcr ihre Zweckbestimmung nicht mehr erforderlich sind und der L\u00f6schung keine gesetzlichen Aufbewahrungspflichten entgegenstehen. Sofern die Daten nicht gel\u00f6scht werden, weil sie f\u00fcr andere und gesetzlich zul\u00e4ssige Zwecke erforderlich sind, wird deren Verarbeitung eingeschr\u00e4nkt. D.h. die Daten werden gesperrt und nicht f\u00fcr andere Zwecke verarbeitet. Das gilt z.B. f\u00fcr Daten, die aus handels- oder steuerrechtlichen Gr\u00fcnden aufbewahrt werden m\u00fcssen.<\/p>\n<p>Nach gesetzlichen Vorgaben in Deutschland, erfolgt die Aufbewahrung insbesondere f\u00fcr 10 Jahre gem\u00e4\u00df \u00a7\u00a7 147 Abs. 1 AO, 257 Abs. 1 Nr. 1 und 4, Abs. 4 HGB (B\u00fccher, Aufzeichnungen, Lageberichte, Buchungsbelege, Handelsb\u00fccher, f\u00fcr Besteuerung relevanter Unterlagen, etc.) und 6 Jahre gem\u00e4\u00df \u00a7 257 Abs. 1 Nr. 2 und 3, Abs. 4 HGB (Handelsbriefe).<\/p>\n<p>Nach gesetzlichen Vorgaben in \u00d6sterreich erfolgt die Aufbewahrung insbesondere f\u00fcr 7 J gem\u00e4\u00df \u00a7 132 Abs. 1 BAO (Buchhaltungsunterlagen, Belege\/Rechnungen, Konten, Belege, Gesch\u00e4ftspapiere, Aufstellung der Einnahmen und Ausgaben, etc.), f\u00fcr 22 Jahre im Zusammenhang mit Grundst\u00fccken und f\u00fcr 10 Jahre bei Unterlagen im Zusammenhang mit elektronisch erbrachten Leistungen, Telekommunikations-, Rundfunk- und Fernsehleistungen, die an Nichtunternehmer in EU-Mitgliedstaaten erbracht werden und f\u00fcr die der Mini-One-Stop-Shop (MOSS) in Anspruch genommen wird.<\/p>\n<h3 id=\"dsg-commercialpurpose\">Gesch\u00e4ftsbezogene Verarbeitung<\/h3>\n<p><span class=\"ts-muster-content\">Zus\u00e4tzlich verarbeiten wir<\/span><\/p>\n<ul>\n<li><span class=\"ts-muster-content\">Vertragsdaten (z.B., Vertragsgegenstand, Laufzeit, Kundenkategorie).<\/span><\/li>\n<li><span class=\"ts-muster-content\">Zahlungsdaten (z.B., Bankverbindung, Zahlungshistorie).<\/span><\/li>\n<\/ul>\n<p><span class=\"ts-muster-content\">von unseren Kunden, Interessenten und Gesch\u00e4ftspartner zwecks Erbringung vertraglicher Leistungen, Service und Kundenpflege, Marketing, Werbung und Marktforschung.<\/span><\/p>\n<h3 id=\"dsg-hostingprovider\">Hosting<\/h3>\n<p><span class=\"ts-muster-content\">Die von uns in Anspruch genommenen Hosting-Leistungen dienen der Zurverf\u00fcgungstellung der folgenden Leistungen: Infrastruktur- und Plattformdienstleistungen, Rechenkapazit\u00e4t, Speicherplatz und Datenbankdienste, Sicherheitsleistungen sowie technische Wartungsleistungen, die wir zum Zwecke des Betriebs dieses Onlineangebotes einsetzen.<\/span><\/p>\n<p>Hierbei verarbeiten wir, bzw. unser Hostinganbieter Bestandsdaten, Kontaktdaten, Inhaltsdaten, Vertragsdaten, Nutzungsdaten, Meta- und Kommunikationsdaten von Kunden, Interessenten und Besuchern dieses Onlineangebotes auf Grundlage unserer berechtigten Interessen an einer effizienten und sicheren Zurverf\u00fcgungstellung dieses Onlineangebotes gem. Art. 6 Abs. 1 lit. f DSGVO i.V.m. Art. 28 DSGVO (Abschluss Auftragsverarbeitungsvertrag).<\/p>\n<h3 id=\"dsg-logfiles\">Erhebung von Zugriffsdaten und Logfiles<\/h3>\n<p><span class=\"ts-muster-content\">Wir, bzw. unser Hostinganbieter, erhebt auf Grundlage unserer berechtigten Interessen im Sinne des Art. 6 Abs. 1 lit. f. DSGVO Daten \u00fcber jeden Zugriff auf den Server, auf dem sich dieser Dienst befindet (sogenannte Serverlogfiles). Zu den Zugriffsdaten geh\u00f6ren Name der abgerufenen Webseite, Datei, Datum und Uhrzeit des Abrufs, \u00fcbertragene Datenmenge, Meldung \u00fcber erfolgreichen Abruf, Browsertyp nebst Version, das Betriebssystem des Nutzers, Referrer URL (die zuvor besuchte Seite), IP-Adresse und der anfragende Provider.<\/span><\/p>\n<p>Logfile-Informationen werden aus Sicherheitsgr\u00fcnden (z.B. zur Aufkl\u00e4rung von Missbrauchs- oder Betrugshandlungen) f\u00fcr die Dauer von maximal 7 Tagen gespeichert und danach gel\u00f6scht. Daten, deren weitere Aufbewahrung zu Beweiszwecken erforderlich ist, sind bis zur endg\u00fcltigen Kl\u00e4rung des jeweiligen Vorfalls von der L\u00f6schung ausgenommen.<\/p>\n<h3 id=\"dsg-administration\">Administration, Finanzbuchhaltung, B\u00fcroorganisation, Kontaktverwaltung<\/h3>\n<p><span class=\"ts-muster-content\">Wir verarbeiten Daten im Rahmen von Verwaltungsaufgaben sowie Organisation unseres Betriebs, Finanzbuchhaltung und Befolgung der gesetzlichen Pflichten, wie z.B. der Archivierung. Herbei verarbeiten wir dieselben Daten, die wir im Rahmen der Erbringung unserer vertraglichen Leistungen verarbeiten. Die Verarbeitungsgrundlagen sind Art. 6 Abs. 1 lit. c. DSGVO, Art. 6 Abs. 1 lit. f. DSGVO. Von der Verarbeitung sind Kunden, Interessenten, Gesch\u00e4ftspartner und Websitebesucher betroffen. Der Zweck und unser Interesse an der Verarbeitung liegt in der Administration, Finanzbuchhaltung, B\u00fcroorganisation, Archivierung von Daten, also Aufgaben die der Aufrechterhaltung unserer Gesch\u00e4ftst\u00e4tigkeiten, Wahrnehmung unserer Aufgaben und Erbringung unserer Leistungen dienen. Die L\u00f6schung der Daten im Hinblick auf vertragliche Leistungen und die vertragliche Kommunikation entspricht den, bei diesen Verarbeitungst\u00e4tigkeiten genannten Angaben.<\/span><\/p>\n<p>Wir offenbaren oder \u00fcbermitteln hierbei Daten an die Finanzverwaltung, Berater, wie z.B., Steuerberater oder Wirtschaftspr\u00fcfer sowie weitere Geb\u00fchrenstellen und Zahlungsdienstleister.<\/p>\n<p>Ferner speichern wir auf Grundlage unserer betriebswirtschaftlichen Interessen Angaben zu Lieferanten, Veranstaltern und sonstigen Gesch\u00e4ftspartnern, z.B. zwecks sp\u00e4terer Kontaktaufnahme. Diese mehrheitlich unternehmensbezogenen Daten, speichern wir grunds\u00e4tzlich dauerhaft.<\/p>\n<h3 id=\"dsg-businessanalysis\">Betriebswirtschaftliche Analysen und Marktforschung<\/h3>\n<p><span class=\"ts-muster-content\">Um unser Gesch\u00e4ft wirtschaftlich betreiben, Markttendenzen, Kunden- und Nutzerw\u00fcnsche erkennen zu k\u00f6nnen, analysieren wir die uns vorliegenden Daten zu Gesch\u00e4ftsvorg\u00e4ngen, Vertr\u00e4gen, Anfragen, etc. Wir verarbeiten dabei Bestandsdaten, Kommunikationsdaten, Vertragsdaten, Zahlungsdaten, Nutzungsdaten, Metadaten auf Grundlage des Art. 6 Abs. 1 lit. f. DSGVO, wobei zu den betroffenen Personen Kunden, Interessenten, Gesch\u00e4ftspartner, Besucher und Nutzer des Onlineangebotes geh\u00f6ren.<\/span><\/p>\n<p>Die Analysen erfolgen zum Zweck betriebswirtschaftlicher Auswertungen, des Marketings und der Marktforschung. Dabei k\u00f6nnen wir die Profile der registrierten Nutzer mit Angaben z.B. zu deren Kaufvorg\u00e4ngen ber\u00fccksichtigen. Die Analysen dienen uns zur Steigerung der Nutzerfreundlichkeit, der Optimierung unseres Angebotes und der Betriebswirtschaftlichkeit. Die Analysen dienen alleine uns und werden nicht extern offenbart, sofern es sich nicht um anonyme Analysen mit zusammengefassten Werten handelt.<\/p>\n<p>Sofern diese Analysen oder Profile personenbezogen sind, werden sie mit K\u00fcndigung der Nutzer gel\u00f6scht oder anonymisiert, sonst nach zwei Jahren ab Vertragsschluss. Im \u00dcbrigen werden die gesamtbetriebswirtschaftlichen Analysen und allgemeine Tendenzbestimmungen nach M\u00f6glichkeit anonym erstellt.<\/p>\n<h3 id=\"dsg-job-candidate\">Datenschutzhinweise im Bewerbungsverfahren<\/h3>\n<p><span class=\"ts-muster-content\">Wir verarbeiten die Bewerberdaten nur zum Zweck und im Rahmen des Bewerbungsverfahrens im Einklang mit den gesetzlichen Vorgaben. Die Verarbeitung der Bewerberdaten erfolgt zur Erf\u00fcllung unserer (vor)vertraglichen Verpflichtungen im Rahmen des Bewerbungsverfahrens im Sinne des Art. 6 Abs. 1 lit. b. DSGVO Art. 6 Abs. 1 lit. f. DSGVO sofern die Datenverarbeitung z.B. im Rahmen von rechtlichen Verfahren f\u00fcr uns erforderlich wird (in Deutschland gilt zus\u00e4tzlich \u00a7 26 BDSG).<\/span><\/p>\n<p>Das Bewerbungsverfahren setzt voraus, dass Bewerber uns die Bewerberdaten mitteilen. Die notwendigen Bewerberdaten sind, sofern wir ein Onlineformular anbieten gekennzeichnet, ergeben sich sonst aus den Stellenbeschreibungen und grunds\u00e4tzlich geh\u00f6ren dazu die Angaben zur Person, Post- und Kontaktadressen und die zur Bewerbung geh\u00f6renden Unterlagen, wie Anschreiben, Lebenslauf und die Zeugnisse. Daneben k\u00f6nnen uns Bewerber freiwillig zus\u00e4tzliche Informationen mitteilen.<\/p>\n<p>Mit der \u00dcbermittlung der Bewerbung an uns, erkl\u00e4ren sich die Bewerber mit der Verarbeitung ihrer Daten zu Zwecken des Bewerbungsverfahrens entsprechend der in dieser Datenschutzerkl\u00e4rung dargelegten Art und Umfang einverstanden.<\/p>\n<p>Soweit im Rahmen des Bewerbungsverfahrens freiwillig besondere Kategorien von personenbezogenen Daten im Sinne des Art. 9 Abs. 1 DSGVO mitgeteilt werden, erfolgt deren Verarbeitung zus\u00e4tzlich nach Art. 9 Abs. 2 lit. b DSGVO (z.B. Gesundheitsdaten, wie z.B. Schwerbehinderteneigenschaft oder ethnische Herkunft). Soweit im Rahmen des Bewerbungsverfahrens besondere Kategorien von personenbezogenen Daten im Sinne des Art. 9 Abs. 1 DSGVO bei Bewerbern angefragt werden, erfolgt deren Verarbeitung zus\u00e4tzlich nach Art. 9 Abs. 2 lit. a DSGVO (z.B. Gesundheitsdaten, wenn diese f\u00fcr die Berufsaus\u00fcbung erforderlich sind).<\/p>\n<p>Sofern zur Verf\u00fcgung gestellt, k\u00f6nnen uns Bewerber ihre Bewerbungen mittels eines Onlineformulars auf unserer Website \u00fcbermitteln. Die Daten werden entsprechend dem Stand der Technik verschl\u00fcsselt an uns \u00fcbertragen.<br \/>\nFerner k\u00f6nnen Bewerber uns ihre Bewerbungen via E-Mail \u00fcbermitteln. Hierbei bitten wir jedoch zu beachten, dass E-Mails grunds\u00e4tzlich nicht verschl\u00fcsselt versendet werden und die Bewerber selbst f\u00fcr die Verschl\u00fcsselung sorgen m\u00fcssen. Wir k\u00f6nnen daher f\u00fcr den \u00dcbertragungsweg der Bewerbung zwischen dem Absender und dem Empfang auf unserem Server keine Verantwortung \u00fcbernehmen und empfehlen daher eher ein Online-Formular oder den postalischen Versand zu nutzen. Denn statt der Bewerbung \u00fcber das Online-Formular und E-Mail, steht den Bewerbern weiterhin die M\u00f6glichkeit zur Verf\u00fcgung, uns die Bewerbung auf dem Postweg zuzusenden.<\/p>\n<p>Die von den Bewerbern zur Verf\u00fcgung gestellten Daten, k\u00f6nnen im Fall einer erfolgreichen Bewerbung f\u00fcr die Zwecke des Besch\u00e4ftigungsverh\u00e4ltnisses von uns weiterverarbeitet werden. Andernfalls, sofern die Bewerbung auf ein Stellenangebot nicht erfolgreich ist, werden die Daten der Bewerber gel\u00f6scht. Die Daten der Bewerber werden ebenfalls gel\u00f6scht, wenn eine Bewerbung zur\u00fcckgezogen wird, wozu die Bewerber jederzeit berechtigt sind.<\/p>\n<p>Die L\u00f6schung erfolgt, vorbehaltlich eines berechtigten Widerrufs der Bewerber, nach dem Ablauf eines Zeitraums von sechs Monaten, damit wir etwaige Anschlussfragen zu der Bewerbung beantworten und unseren Nachweispflichten aus dem Gleichbehandlungsgesetz gen\u00fcgen k\u00f6nnen. Rechnungen \u00fcber etwaige Reisekostenerstattung werden entsprechend den steuerrechtlichen Vorgaben archiviert.<\/p>\n<h3 id=\"dsg-contact\">Kontaktaufnahme<\/h3>\n<p><span class=\"ts-muster-content\">Bei der Kontaktaufnahme mit uns (z.B. per Kontaktformular, E-Mail, Telefon oder via sozialer Medien) werden die Angaben des Nutzers zur Bearbeitung der Kontaktanfrage und deren Abwicklung gem. Art. 6 Abs. 1 lit. b) DSGVO verarbeitet. Die Angaben der Nutzer k\u00f6nnen in einem Customer-Relationship-Management System (&#8222;CRM System&#8220;) oder vergleichbarer Anfragenorganisation gespeichert werden.<\/span><\/p>\n<p>Wir l\u00f6schen die Anfragen, sofern diese nicht mehr erforderlich sind. Wir \u00fcberpr\u00fcfen die Erforderlichkeit alle zwei Jahre; Ferner gelten die gesetzlichen Archivierungspflichten.<\/p>\n<h3 id=\"dsg-thirdparty-einleitung\">Einbindung von Diensten und Inhalten Dritter<\/h3>\n<p><span class=\"ts-muster-content\">Wir setzen innerhalb unseres Onlineangebotes auf Grundlage unserer berechtigten Interessen (d.h. Interesse an der Analyse, Optimierung und wirtschaftlichem Betrieb unseres Onlineangebotes im Sinne des Art. 6 Abs. 1 lit. f. DSGVO) Inhalts- oder Serviceangebote von Drittanbietern ein, um deren Inhalte und Services, wie z.B. Videos oder Schriftarten einzubinden (nachfolgend einheitlich bezeichnet als \u201cInhalte\u201d).<\/span><\/p>\n<p>Dies setzt immer voraus, dass die Drittanbieter dieser Inhalte, die IP-Adresse der Nutzer wahrnehmen, da sie ohne die IP-Adresse die Inhalte nicht an deren Browser senden k\u00f6nnten. Die IP-Adresse ist damit f\u00fcr die Darstellung dieser Inhalte erforderlich. Wir bem\u00fchen uns nur solche Inhalte zu verwenden, deren jeweilige Anbieter die IP-Adresse lediglich zur Auslieferung der Inhalte verwenden. Drittanbieter k\u00f6nnen ferner so genannte Pixel-Tags (unsichtbare Grafiken, auch als &#8222;Web Beacons&#8220; bezeichnet) f\u00fcr statistische oder Marketingzwecke verwenden. Durch die &#8222;Pixel-Tags&#8220; k\u00f6nnen Informationen, wie der Besucherverkehr auf den Seiten dieser Website ausgewertet werden. Die pseudonymen Informationen k\u00f6nnen ferner in Cookies auf dem Ger\u00e4t der Nutzer gespeichert werden und unter anderem technische Informationen zum Browser und Betriebssystem, verweisende Webseiten, Besuchszeit sowie weitere Angaben zur Nutzung unseres Onlineangebotes enthalten, als auch mit solchen Informationen aus anderen Quellen verbunden werden.<\/p>\n<h3 id=\"dsg-thirdparty-googlefonts\">Google Fonts<\/h3>\n<p><span class=\"ts-muster-content\">Wir binden die Schriftarten (&#8222;Google Fonts&#8220;) des Anbieters Google LLC, 1600 Amphitheatre Parkway, Mountain View, CA 94043, USA, ein. Datenschutzerkl\u00e4rung: <a href=\"https:\/\/www.google.com\/policies\/privacy\/\" target=\"_blank\" rel=\"noopener noreferrer\">https:\/\/www.google.com\/policies\/privacy\/<\/a>, Opt-Out: <a href=\"https:\/\/adssettings.google.com\/authenticated\" target=\"_blank\" rel=\"noopener noreferrer\">https:\/\/adssettings.google.com\/authenticated<\/a>.<\/span><\/p>\n<h3 id=\"dsg-thirdparty-googlerecaptcha\">Google ReCaptcha<\/h3>\n<p><span class=\"ts-muster-content\">Wir binden die Funktion zur Erkennung von Bots, z.B. bei Eingaben in Onlineformularen (&#8222;ReCaptcha&#8220;) des Anbieters Google LLC, 1600 Amphitheatre Parkway, Mountain View, CA 94043, USA, ein. Datenschutzerkl\u00e4rung: <a href=\"https:\/\/www.google.com\/policies\/privacy\/\" target=\"_blank\" rel=\"noopener noreferrer\">https:\/\/www.google.com\/policies\/privacy\/<\/a>, Opt-Out: <a href=\"https:\/\/adssettings.google.com\/authenticated\" target=\"_blank\" rel=\"noopener noreferrer\">https:\/\/adssettings.google.com\/authenticated<\/a>.<\/span><\/p>\n<h3 id=\"dsg-thirdparty-googlemaps\">Google Maps<\/h3>\n<p><span class=\"ts-muster-content\">Wir binden die Landkarten des Dienstes \u201cGoogle Maps\u201d des Anbieters Google LLC, 1600 Amphitheatre Parkway, Mountain View, CA 94043, USA, ein. Zu den verarbeiteten Daten k\u00f6nnen insbesondere IP-Adressen und Standortdaten der Nutzer geh\u00f6ren, die jedoch nicht ohne deren Einwilligung (im Regelfall im Rahmen der Einstellungen ihrer Mobilger\u00e4te vollzogen), erhoben werden. Die Daten k\u00f6nnen in den USA verarbeitet werden. Datenschutzerkl\u00e4rung: <a href=\"https:\/\/www.google.com\/policies\/privacy\/\" target=\"_blank\" rel=\"noopener noreferrer\">https:\/\/www.google.com\/policies\/privacy\/<\/a>, Opt-Out: <a href=\"https:\/\/adssettings.google.com\/authenticated\" target=\"_blank\" rel=\"noopener noreferrer\">https:\/\/adssettings.google.com\/authenticated<\/a>.<\/span><\/p>\n<h3 id=\"dsg-thirdparty-googlemaps\">Creditreform<\/h3>\n<p>Informationen zum Datenschutz nach EU-DSGVO<\/p>\n<p>Unser Unternehmen pr\u00fcft regelm\u00e4\u00dfig bei Vertragsabschl\u00fcssen und in bestimmten F\u00e4llen, in denen ein berechtigtes Interesse vorliegt, auch bei Bestandskunden, Ihre Bonit\u00e4t. Dazu arbeiten wir mit der Creditreform Boniversum GmbH, Hammfelddamm 13, 41460 Neuss zusammen, von der wir die dazu ben\u00f6tigten Daten erhalten. Zu diesem Zweck \u00fcbermitteln wir Ihren Namen und Ihre Kontaktdaten an die Creditreform Boniversum GmbH. Die Informationen gem. Art. 14 der EU-Datenschutz-Grundverordnung zu der bei der Creditreform Boniversum GmbH stattfindenden Datenverarbeitung finden Sie hier: <a href=\"https:\/\/www.boniversum.de\/eu-dsgvo\/informationen-nach-eu-dsgvo-fuer-verbraucher\/\" target=\"_blank\" rel=\"noopener\">https:\/\/www.boniversum.de\/eu-dsgvo\/informationen-nach-eu-dsgvo-fuer-verbraucher\/<\/a> oder scannen Sie den QR-Code.<\/p>\n<p><img loading=\"lazy\" decoding=\"async\" class=\"alignleft size-full wp-image-8307\" src=\"https:\/\/old.moebeltransporte.lindnersolutions.de\/wp-content\/uploads\/2025\/04\/creditreform.png\" alt=\"Creditreform QR-Code\" width=\"300\" height=\"300\" srcset=\"https:\/\/old.moebeltransporte.lindnersolutions.de\/wp-content\/uploads\/2025\/04\/creditreform.png 300w, https:\/\/old.moebeltransporte.lindnersolutions.de\/wp-content\/uploads\/2025\/04\/creditreform-150x150.png 150w, https:\/\/old.moebeltransporte.lindnersolutions.de\/wp-content\/uploads\/2025\/04\/creditreform-140x140.png 140w, https:\/\/old.moebeltransporte.lindnersolutions.de\/wp-content\/uploads\/2025\/04\/creditreform-100x100.png 100w\" sizes=\"auto, (max-width: 300px) 100vw, 300px\" \/>[\/vc_column_text][\/vc_column][\/vc_row]\n","protected":false},"excerpt":{"rendered":"<p>[vc_row type=&#8220;full_width_content&#8220; full_screen_row_position=&#8220;middle&#8220; column_margin=&#8220;none&#8220; column_direction=&#8220;default&#8220; column_direction_tablet=&#8220;default&#8220; column_direction_phone=&#8220;default&#8220; bg_color=&#8220;#ffffff&#8220; scene_position=&#8220;center&#8220; top_padding=&#8220;6%&#8220; constrain_group_1=&#8220;yes&#8220; bottom_padding=&#8220;6%&#8220; left_padding_desktop=&#8220;7%&#8220; constrain_group_2=&#8220;yes&#8220; right_padding_desktop=&#8220;7%&#8220; top_padding_tablet=&#8220;8%&#8220; constrain_group_3=&#8220;yes&#8220; bottom_padding_tablet=&#8220;8%&#8220; left_padding_tablet=&#8220;5%&#8220; constrain_group_4=&#8220;yes&#8220; right_padding_tablet=&#8220;5%&#8220; top_padding_phone=&#8220;10%&#8220; constrain_group_5=&#8220;yes&#8220; bottom_padding_phone=&#8220;10%&#8220; left_padding_phone=&#8220;5%&#8220; constrain_group_6=&#8220;yes&#8220; right_padding_phone=&#8220;5%&#8220; top_margin=&#8220;0&#8243; constrain_group_7=&#8220;yes&#8220; bottom_margin=&#8220;0&#8243;&#8230;<\/p>\n","protected":false},"author":1,"featured_media":5887,"parent":0,"menu_order":902,"comment_status":"closed","ping_status":"closed","template":"","meta":{"footnotes":""},"class_list":["post-6609","page","type-page","status-publish","has-post-thumbnail"],"yoast_head":"<!-- This site is optimized with the Yoast SEO plugin v27.5 - https:\/\/yoast.com\/product\/yoast-seo-wordpress\/ -->\n<title>Datenschutzerkl\u00e4rung - STARKE M\u00f6beltransporte GmbH<\/title>\n<meta name=\"description\" content=\"Diese Datenschutzerkl\u00e4rung kl\u00e4rt Sie \u00fcber die Art, den Umfang und Zweck der Verarbeitung von personenbezogenen Daten (nachfolgend kurz\" \/>\n<meta name=\"robots\" content=\"noindex, nofollow\" \/>\n<meta property=\"og:locale\" content=\"de_DE\" \/>\n<meta property=\"og:type\" content=\"article\" \/>\n<meta property=\"og:title\" content=\"Datenschutzerkl\u00e4rung - STARKE M\u00f6beltransporte GmbH\" \/>\n<meta property=\"og:description\" content=\"Diese Datenschutzerkl\u00e4rung kl\u00e4rt Sie \u00fcber die Art, den Umfang und Zweck der Verarbeitung von personenbezogenen Daten (nachfolgend kurz\" \/>\n<meta property=\"og:url\" content=\"https:\/\/old.moebeltransporte.lindnersolutions.de\/datenschutzerklaerung\/\" \/>\n<meta property=\"og:site_name\" content=\"STARKE M\u00f6beltransporte GmbH\" \/>\n<meta property=\"article:publisher\" content=\"https:\/\/www.facebook.com\/starkegera\" \/>\n<meta property=\"article:modified_time\" content=\"2026-03-05T18:20:11+00:00\" \/>\n<meta property=\"og:image\" content=\"https:\/\/old.moebeltransporte.lindnersolutions.de\/wp-content\/uploads\/2023\/01\/firmenumzug-01-1024x777-1.jpg\" \/>\n\t<meta property=\"og:image:width\" content=\"1024\" \/>\n\t<meta property=\"og:image:height\" content=\"777\" \/>\n\t<meta property=\"og:image:type\" content=\"image\/jpeg\" \/>\n<meta name=\"twitter:card\" content=\"summary_large_image\" \/>\n<meta name=\"twitter:label1\" content=\"Gesch\u00e4tzte Lesezeit\" \/>\n\t<meta name=\"twitter:data1\" content=\"19\u00a0Minuten\" \/>\n<script type=\"application\/ld+json\" class=\"yoast-schema-graph\">{\"@context\":\"https:\\\/\\\/schema.org\",\"@graph\":[{\"@type\":\"WebPage\",\"@id\":\"https:\\\/\\\/old.moebeltransporte.lindnersolutions.de\\\/datenschutzerklaerung\\\/\",\"url\":\"https:\\\/\\\/old.moebeltransporte.lindnersolutions.de\\\/datenschutzerklaerung\\\/\",\"name\":\"Datenschutzerkl\u00e4rung - STARKE M\u00f6beltransporte GmbH\",\"isPartOf\":{\"@id\":\"https:\\\/\\\/old.moebeltransporte.lindnersolutions.de\\\/#website\"},\"primaryImageOfPage\":{\"@id\":\"https:\\\/\\\/old.moebeltransporte.lindnersolutions.de\\\/datenschutzerklaerung\\\/#primaryimage\"},\"image\":{\"@id\":\"https:\\\/\\\/old.moebeltransporte.lindnersolutions.de\\\/datenschutzerklaerung\\\/#primaryimage\"},\"thumbnailUrl\":\"https:\\\/\\\/old.moebeltransporte.lindnersolutions.de\\\/wp-content\\\/uploads\\\/2023\\\/01\\\/firmenumzug-01-1024x777-1.jpg\",\"datePublished\":\"2023-01-09T15:12:14+00:00\",\"dateModified\":\"2026-03-05T18:20:11+00:00\",\"description\":\"Diese Datenschutzerkl\u00e4rung kl\u00e4rt Sie \u00fcber die Art, den Umfang und Zweck der Verarbeitung von personenbezogenen Daten (nachfolgend kurz\",\"breadcrumb\":{\"@id\":\"https:\\\/\\\/old.moebeltransporte.lindnersolutions.de\\\/datenschutzerklaerung\\\/#breadcrumb\"},\"inLanguage\":\"de\",\"potentialAction\":[{\"@type\":\"ReadAction\",\"target\":[\"https:\\\/\\\/old.moebeltransporte.lindnersolutions.de\\\/datenschutzerklaerung\\\/\"]}]},{\"@type\":\"ImageObject\",\"inLanguage\":\"de\",\"@id\":\"https:\\\/\\\/old.moebeltransporte.lindnersolutions.de\\\/datenschutzerklaerung\\\/#primaryimage\",\"url\":\"https:\\\/\\\/old.moebeltransporte.lindnersolutions.de\\\/wp-content\\\/uploads\\\/2023\\\/01\\\/firmenumzug-01-1024x777-1.jpg\",\"contentUrl\":\"https:\\\/\\\/old.moebeltransporte.lindnersolutions.de\\\/wp-content\\\/uploads\\\/2023\\\/01\\\/firmenumzug-01-1024x777-1.jpg\",\"width\":1024,\"height\":777,\"caption\":\"Foto\"},{\"@type\":\"BreadcrumbList\",\"@id\":\"https:\\\/\\\/old.moebeltransporte.lindnersolutions.de\\\/datenschutzerklaerung\\\/#breadcrumb\",\"itemListElement\":[{\"@type\":\"ListItem\",\"position\":1,\"name\":\"Startseite\",\"item\":\"https:\\\/\\\/old.moebeltransporte.lindnersolutions.de\\\/\"},{\"@type\":\"ListItem\",\"position\":2,\"name\":\"Datenschutzerkl\u00e4rung\"}]},{\"@type\":\"WebSite\",\"@id\":\"https:\\\/\\\/old.moebeltransporte.lindnersolutions.de\\\/#website\",\"url\":\"https:\\\/\\\/old.moebeltransporte.lindnersolutions.de\\\/\",\"name\":\"STARKE M\u00f6beltransporte GmbH\",\"description\":\"Die STARKE M\u00f6beltransport GmbH ist Mitglied im Bundesverband M\u00f6belspedition und Logistik (AM\u00d6) e.V. Mehr Sicherheit f\u00fcr Ihren Umzug geht nicht.\",\"publisher\":{\"@id\":\"https:\\\/\\\/old.moebeltransporte.lindnersolutions.de\\\/#organization\"},\"potentialAction\":[{\"@type\":\"SearchAction\",\"target\":{\"@type\":\"EntryPoint\",\"urlTemplate\":\"https:\\\/\\\/old.moebeltransporte.lindnersolutions.de\\\/?s={search_term_string}\"},\"query-input\":{\"@type\":\"PropertyValueSpecification\",\"valueRequired\":true,\"valueName\":\"search_term_string\"}}],\"inLanguage\":\"de\"},{\"@type\":\"Organization\",\"@id\":\"https:\\\/\\\/old.moebeltransporte.lindnersolutions.de\\\/#organization\",\"name\":\"STARKE M\u00f6beltransporte GmbH\",\"url\":\"https:\\\/\\\/old.moebeltransporte.lindnersolutions.de\\\/\",\"logo\":{\"@type\":\"ImageObject\",\"inLanguage\":\"de\",\"@id\":\"https:\\\/\\\/old.moebeltransporte.lindnersolutions.de\\\/#\\\/schema\\\/logo\\\/image\\\/\",\"url\":\"https:\\\/\\\/old.moebeltransporte.lindnersolutions.de\\\/wp-content\\\/uploads\\\/2023\\\/05\\\/Starke-Logos.png\",\"contentUrl\":\"https:\\\/\\\/old.moebeltransporte.lindnersolutions.de\\\/wp-content\\\/uploads\\\/2023\\\/05\\\/Starke-Logos.png\",\"width\":945,\"height\":213,\"caption\":\"STARKE M\u00f6beltransporte GmbH\"},\"image\":{\"@id\":\"https:\\\/\\\/old.moebeltransporte.lindnersolutions.de\\\/#\\\/schema\\\/logo\\\/image\\\/\"},\"sameAs\":[\"https:\\\/\\\/www.facebook.com\\\/starkegera\",\"https:\\\/\\\/www.instagram.com\\\/\"]}]}<\/script>\n<!-- \/ Yoast SEO plugin. -->","yoast_head_json":{"title":"Datenschutzerkl\u00e4rung - STARKE M\u00f6beltransporte GmbH","description":"Diese Datenschutzerkl\u00e4rung kl\u00e4rt Sie \u00fcber die Art, den Umfang und Zweck der Verarbeitung von personenbezogenen Daten (nachfolgend kurz","robots":{"index":"noindex","follow":"nofollow"},"og_locale":"de_DE","og_type":"article","og_title":"Datenschutzerkl\u00e4rung - STARKE M\u00f6beltransporte GmbH","og_description":"Diese Datenschutzerkl\u00e4rung kl\u00e4rt Sie \u00fcber die Art, den Umfang und Zweck der Verarbeitung von personenbezogenen Daten (nachfolgend kurz","og_url":"https:\/\/old.moebeltransporte.lindnersolutions.de\/datenschutzerklaerung\/","og_site_name":"STARKE M\u00f6beltransporte GmbH","article_publisher":"https:\/\/www.facebook.com\/starkegera","article_modified_time":"2026-03-05T18:20:11+00:00","og_image":[{"width":1024,"height":777,"url":"https:\/\/old.moebeltransporte.lindnersolutions.de\/wp-content\/uploads\/2023\/01\/firmenumzug-01-1024x777-1.jpg","type":"image\/jpeg"}],"twitter_card":"summary_large_image","twitter_misc":{"Gesch\u00e4tzte Lesezeit":"19\u00a0Minuten"},"schema":{"@context":"https:\/\/schema.org","@graph":[{"@type":"WebPage","@id":"https:\/\/old.moebeltransporte.lindnersolutions.de\/datenschutzerklaerung\/","url":"https:\/\/old.moebeltransporte.lindnersolutions.de\/datenschutzerklaerung\/","name":"Datenschutzerkl\u00e4rung - STARKE M\u00f6beltransporte GmbH","isPartOf":{"@id":"https:\/\/old.moebeltransporte.lindnersolutions.de\/#website"},"primaryImageOfPage":{"@id":"https:\/\/old.moebeltransporte.lindnersolutions.de\/datenschutzerklaerung\/#primaryimage"},"image":{"@id":"https:\/\/old.moebeltransporte.lindnersolutions.de\/datenschutzerklaerung\/#primaryimage"},"thumbnailUrl":"https:\/\/old.moebeltransporte.lindnersolutions.de\/wp-content\/uploads\/2023\/01\/firmenumzug-01-1024x777-1.jpg","datePublished":"2023-01-09T15:12:14+00:00","dateModified":"2026-03-05T18:20:11+00:00","description":"Diese Datenschutzerkl\u00e4rung kl\u00e4rt Sie \u00fcber die Art, den Umfang und Zweck der Verarbeitung von personenbezogenen Daten (nachfolgend kurz","breadcrumb":{"@id":"https:\/\/old.moebeltransporte.lindnersolutions.de\/datenschutzerklaerung\/#breadcrumb"},"inLanguage":"de","potentialAction":[{"@type":"ReadAction","target":["https:\/\/old.moebeltransporte.lindnersolutions.de\/datenschutzerklaerung\/"]}]},{"@type":"ImageObject","inLanguage":"de","@id":"https:\/\/old.moebeltransporte.lindnersolutions.de\/datenschutzerklaerung\/#primaryimage","url":"https:\/\/old.moebeltransporte.lindnersolutions.de\/wp-content\/uploads\/2023\/01\/firmenumzug-01-1024x777-1.jpg","contentUrl":"https:\/\/old.moebeltransporte.lindnersolutions.de\/wp-content\/uploads\/2023\/01\/firmenumzug-01-1024x777-1.jpg","width":1024,"height":777,"caption":"Foto"},{"@type":"BreadcrumbList","@id":"https:\/\/old.moebeltransporte.lindnersolutions.de\/datenschutzerklaerung\/#breadcrumb","itemListElement":[{"@type":"ListItem","position":1,"name":"Startseite","item":"https:\/\/old.moebeltransporte.lindnersolutions.de\/"},{"@type":"ListItem","position":2,"name":"Datenschutzerkl\u00e4rung"}]},{"@type":"WebSite","@id":"https:\/\/old.moebeltransporte.lindnersolutions.de\/#website","url":"https:\/\/old.moebeltransporte.lindnersolutions.de\/","name":"STARKE M\u00f6beltransporte GmbH","description":"Die STARKE M\u00f6beltransport GmbH ist Mitglied im Bundesverband M\u00f6belspedition und Logistik (AM\u00d6) e.V. Mehr Sicherheit f\u00fcr Ihren Umzug geht nicht.","publisher":{"@id":"https:\/\/old.moebeltransporte.lindnersolutions.de\/#organization"},"potentialAction":[{"@type":"SearchAction","target":{"@type":"EntryPoint","urlTemplate":"https:\/\/old.moebeltransporte.lindnersolutions.de\/?s={search_term_string}"},"query-input":{"@type":"PropertyValueSpecification","valueRequired":true,"valueName":"search_term_string"}}],"inLanguage":"de"},{"@type":"Organization","@id":"https:\/\/old.moebeltransporte.lindnersolutions.de\/#organization","name":"STARKE M\u00f6beltransporte GmbH","url":"https:\/\/old.moebeltransporte.lindnersolutions.de\/","logo":{"@type":"ImageObject","inLanguage":"de","@id":"https:\/\/old.moebeltransporte.lindnersolutions.de\/#\/schema\/logo\/image\/","url":"https:\/\/old.moebeltransporte.lindnersolutions.de\/wp-content\/uploads\/2023\/05\/Starke-Logos.png","contentUrl":"https:\/\/old.moebeltransporte.lindnersolutions.de\/wp-content\/uploads\/2023\/05\/Starke-Logos.png","width":945,"height":213,"caption":"STARKE M\u00f6beltransporte GmbH"},"image":{"@id":"https:\/\/old.moebeltransporte.lindnersolutions.de\/#\/schema\/logo\/image\/"},"sameAs":["https:\/\/www.facebook.com\/starkegera","https:\/\/www.instagram.com\/"]}]}},"_links":{"self":[{"href":"https:\/\/old.moebeltransporte.lindnersolutions.de\/index.php?rest_route=\/wp\/v2\/pages\/6609","targetHints":{"allow":["GET"]}}],"collection":[{"href":"https:\/\/old.moebeltransporte.lindnersolutions.de\/index.php?rest_route=\/wp\/v2\/pages"}],"about":[{"href":"https:\/\/old.moebeltransporte.lindnersolutions.de\/index.php?rest_route=\/wp\/v2\/types\/page"}],"author":[{"embeddable":true,"href":"https:\/\/old.moebeltransporte.lindnersolutions.de\/index.php?rest_route=\/wp\/v2\/users\/1"}],"replies":[{"embeddable":true,"href":"https:\/\/old.moebeltransporte.lindnersolutions.de\/index.php?rest_route=%2Fwp%2Fv2%2Fcomments&post=6609"}],"version-history":[{"count":5,"href":"https:\/\/old.moebeltransporte.lindnersolutions.de\/index.php?rest_route=\/wp\/v2\/pages\/6609\/revisions"}],"predecessor-version":[{"id":8761,"href":"https:\/\/old.moebeltransporte.lindnersolutions.de\/index.php?rest_route=\/wp\/v2\/pages\/6609\/revisions\/8761"}],"wp:featuredmedia":[{"embeddable":true,"href":"https:\/\/old.moebeltransporte.lindnersolutions.de\/index.php?rest_route=\/wp\/v2\/media\/5887"}],"wp:attachment":[{"href":"https:\/\/old.moebeltransporte.lindnersolutions.de\/index.php?rest_route=%2Fwp%2Fv2%2Fmedia&parent=6609"}],"curies":[{"name":"wp","href":"https:\/\/api.w.org\/{rel}","templated":true}]}}